{"id":10382,"date":"2023-12-15T06:24:51","date_gmt":"2023-12-15T06:24:51","guid":{"rendered":"https:\/\/bikefiteurope.com\/?page_id=10382"},"modified":"2024-03-24T14:59:36","modified_gmt":"2024-03-24T14:59:36","slug":"beste-radanalyse","status":"publish","type":"page","link":"https:\/\/bikefiteurope.com\/de\/beste-radanalyse\/","title":{"rendered":"beste-radanalyse"},"content":{"rendered":"<p>[et_pb_section fb_built=&#8221;1&#8243; admin_label=&#8221;Header&#8221; _builder_version=&#8221;4.18.0&#8243; _module_preset=&#8221;default&#8221; background_color=&#8221;gcid-2b9af907-b972-4cf3-9dc8-7fb56d8a8b0a&#8221; hover_enabled=&#8221;0&#8243; global_colors_info=&#8221;{%22gcid-2b9af907-b972-4cf3-9dc8-7fb56d8a8b0a%22:%91%22background_color%22%93}&#8221;][et_pb_row use_custom_gutter=&#8221;on&#8221; make_equal=&#8221;on&#8221; _builder_version=&#8221;4.16&#8243; _module_preset=&#8221;default&#8221; background_color=&#8221;RGBA(0,0,0,0)&#8221; custom_margin=&#8221;||||false|false&#8221; custom_padding=&#8221;||0px|||&#8221; hover_enabled=&#8221;0&#8243; global_colors_info=&#8221;{}&#8221; column_structure=&#8221;4_4&#8243;][et_pb_column type=&#8221;4_4&#8243; _builder_version=&#8221;4.16&#8243; _module_preset=&#8221;default&#8221; background_color=&#8221;RGBA(0,0,0,0)&#8221; custom_padding=&#8221;||50px||false|false&#8221; hover_enabled=&#8221;0&#8243; border_color_all=&#8221;RGBA(0,0,0,0)&#8221; global_colors_info=&#8221;{}&#8221;][et_pb_text content_tablet=&#8221;<\/p>\n<h1>Bike Fitting<\/h1>\n<h2><span style=%22color: #e02b20;%22>CycleFit Europe<\/span><\/h2>\n<p>&#8221; content_phone=&#8221;<\/p>\n<h1>Bike Fitting<\/h1>\n<h2><span style=%22color: #e02b20;%22>CycleFit Europe<\/span><\/h2>\n<p>&#8221; content_last_edited=&#8221;on|phone&#8221; _builder_version=&#8221;4.23.1&#8243; _module_preset=&#8221;default&#8221; header_font=&#8221;Bebas Neue||||||||&#8221; header_font_size=&#8221;120px&#8221; header_line_height=&#8221;0.8em&#8221; header_2_font=&#8221;Bebas Neue|700||on|||||&#8221; header_2_font_size=&#8221;100px&#8221; custom_margin=&#8221;||||false|false&#8221; hover_enabled=&#8221;0&#8243; header_font_size_tablet=&#8221;86px&#8221; header_font_size_phone=&#8221;70px&#8221; header_font_size_last_edited=&#8221;on|desktop&#8221; header_line_height_tablet=&#8221;1em&#8221; header_line_height_phone=&#8221;&#8221; header_line_height_last_edited=&#8221;on|tablet&#8221; header_2_font_size_tablet=&#8221;80px&#8221; header_2_font_size_phone=&#8221;58px&#8221; header_2_font_size_last_edited=&#8221;on|tablet&#8221; box_shadow_style=&#8221;preset4&#8243; box_shadow_horizontal=&#8221;-540px&#8221; box_shadow_vertical=&#8221;0px&#8221; box_shadow_color=&#8221;gcid-3dd49ac4-f56a-4e55-9a13-43d37548d2db&#8221; box_shadow_horizontal_tablet=&#8221;-83vw&#8221; box_shadow_horizontal_phone=&#8221;&#8221; box_shadow_horizontal_last_edited=&#8221;on|phone&#8221; global_colors_info=&#8221;{%22gcid-3dd49ac4-f56a-4e55-9a13-43d37548d2db%22:%91%22box_shadow_color%22%93}&#8221;]<\/p>\n<h1>Beste radanalyse<\/h1>\n<h2><span style=\"color: #e02b20;\">CycleFit Europe<\/span><\/h2>\n<p>[\/et_pb_text][et_pb_text admin_label=&#8221;Text&#8221; _builder_version=&#8221;4.23.1&#8243; _module_preset=&#8221;default&#8221; text_font_size=&#8221;18px&#8221; text_line_height=&#8221;1.8em&#8221; hover_enabled=&#8221;0&#8243; text_font_size_tablet=&#8221;&#8221; text_font_size_phone=&#8221;14px&#8221; text_font_size_last_edited=&#8221;on|phone&#8221; global_colors_info=&#8221;{}&#8221;]<\/p>\n<h2>Schmerzen beim Radfahren?<\/h2>\n<p>Wenn du beim Fahrradfahren unter Schmerzen oder Unannehmlichkeiten leidest, lass mich dir mit einer professionelle radanalyse in Bensheim helfen!<\/p>\n<h2>Leistung und Aerodynamik beim Radfahren<\/h2>\n<h2><img loading=\"lazy\" decoding=\"async\" src=\"https:\/\/cdn.bikefiteurope.com\/wp-content\/uploads\/2022\/12\/20220707_185437-scaled-1024x461.webp\" width=\"423\" height=\"191\" alt=\"Cathi Rossmann\" class=\"wp-image-10126 alignnone size-large\" srcset=\"https:\/\/bikefiteurope.com\/wp-content\/uploads\/2022\/12\/20220707_185437-scaled-1024x461.webp 1024w, https:\/\/bikefiteurope.com\/wp-content\/uploads\/2022\/12\/20220707_185437-scaled-300x135.webp 300w, https:\/\/bikefiteurope.com\/wp-content\/uploads\/2022\/12\/20220707_185437-scaled-768x346.webp 768w, https:\/\/bikefiteurope.com\/wp-content\/uploads\/2022\/12\/20220707_185437-scaled-1536x692.webp 1536w, https:\/\/bikefiteurope.com\/wp-content\/uploads\/2022\/12\/20220707_185437-scaled-2048x922.webp 2048w, https:\/\/bikefiteurope.com\/wp-content\/uploads\/2022\/12\/20220707_185437-scaled-1080x486.webp 1080w, https:\/\/bikefiteurope.com\/wp-content\/uploads\/2022\/12\/20220707_185437-scaled-1280x577.webp 1280w, https:\/\/bikefiteurope.com\/wp-content\/uploads\/2022\/12\/20220707_185437-scaled-980x441.webp 980w, https:\/\/bikefiteurope.com\/wp-content\/uploads\/2022\/12\/20220707_185437-scaled-480x216.webp 480w\" sizes=\"(max-width: 423px) 100vw, 423px\" \/><\/h2>\n<p>Wenn du nach Geschwindigkeit und Aerodynamik suchst, um deine Leistung auf das n\u00e4chste Level zu bringen, dann solltest du von meiner bew\u00e4hrten Expertise bei der Fahrradanpassung profitieren, die bereits zahlreichen Weltmeistern geholfen hat. Ich werde dich bei deiner n\u00e4chsten Leistung begleiten!<\/p>\n<h2>Bew\u00e4hrter Prozess und Erfahrung<\/h2>\n<p>Die Fahrradanpassung ist eine Reise, ein sich st\u00e4ndig ver\u00e4ndernder Satz von Zielen, w\u00e4hrend du dich als Radfahrer und Athlet weiterentwickelst. Wenn du dich daf\u00fcr entscheidest, mit mir bei CycleFit Europe in Bensheim zusammenzuarbeiten, wirst du nur mit mir arbeiten, nicht mit einem Angestellten, einem Sch\u00fcler oder einem Lernenden. Meine Erfahrung erstreckt sich \u00fcber Jahrzehnte und ich wei\u00df, worauf es w\u00e4hrend deiner Radfahr-Reise ankommt. Die besten Radfahrer der Welt suchen meine Expertise. Du solltest es auch tun.<\/p>\n<h2>Auf der Suche nach einem neuen Fahrrad?<\/h2>\n<p>Denkst du dar\u00fcber nach, ein neues Fahrrad zu kaufen und wei\u00dft nicht, welches du w\u00e4hlen sollst? Du bist hier genau richtig, um dein perfektes Fahrrad zu finden. Mach nicht den 5000-Euro-Fehler! Vereinbare noch heute deine Fahrradanpassungskonsultation.<\/p>\n<p>&nbsp;<\/p>\n<h3>Lass uns besprechen, wie wir dich mit deiner n\u00e4chsten Fahrradanpassung auf Kurs bringen k\u00f6nnen!<\/h3>\n<p>[\/et_pb_text][\/et_pb_column][\/et_pb_row][et_pb_row column_structure=&#8221;1_2,1_2&#8243; _builder_version=&#8221;4.16&#8243; _module_preset=&#8221;default&#8221; hover_enabled=&#8221;0&#8243; global_colors_info=&#8221;{}&#8221;][et_pb_column type=&#8221;1_2&#8243; _builder_version=&#8221;4.16&#8243; _module_preset=&#8221;default&#8221; hover_enabled=&#8221;0&#8243; global_colors_info=&#8221;{}&#8221;][et_pb_blurb title=&#8221;mich kennenlernen&#8221; use_icon=&#8221;on&#8221; font_icon=&#8221;&#xe08a;||divi||400&#8243; icon_color=&#8221;gcid-3dd49ac4-f56a-4e55-9a13-43d37548d2db&#8221; image_icon_width=&#8221;77px&#8221; icon_alignment=&#8221;left&#8221; content_max_width=&#8221;100%&#8221; _builder_version=&#8221;4.18.0&#8243; _module_preset=&#8221;default&#8221; header_font=&#8221;Bebas Neue||||||||&#8221; header_font_size=&#8221;30px&#8221; header_line_height=&#8221;1.2em&#8221; body_font_size=&#8221;16px&#8221; body_line_height=&#8221;1.8em&#8221; animation=&#8221;off&#8221; hover_enabled=&#8221;0&#8243; header_font_size_tablet=&#8221;24px&#8221; header_font_size_phone=&#8221;20px&#8221; header_font_size_last_edited=&#8221;on|phone&#8221; body_font_size_tablet=&#8221;&#8221; body_font_size_phone=&#8221;14px&#8221; body_font_size_last_edited=&#8221;on|phone&#8221; icon_font_size=&#8221;77px&#8221; global_colors_info=&#8221;{%22gcid-3dd49ac4-f56a-4e55-9a13-43d37548d2db%22:%91%22icon_color%22%93}&#8221;]<\/p>\n<p>Radprofis wie <strong>Michael Matthews<\/strong>, der aktuelle Weltmeister <strong>Mathieu van der Poel<\/strong> oder Triathleten wie <strong>Mika Noodt<\/strong>, <strong>Laura Zimmermann<\/strong> oder <strong>Patrick Lange<\/strong> vertrauen auf meine Expertise. Wenn Sie wissen m\u00f6chten, warum? Ich stelle mich Ihnen gerne vor!<\/p>\n<p>[\/et_pb_blurb][et_pb_button button_url=&#8221;@ET-DC@eyJkeW5hbWljIjp0cnVlLCJjb250ZW50IjoicG9zdF9saW5rX3VybF9wYWdlIiwic2V0dGluZ3MiOnsicG9zdF9pZCI6IjQwIn19@&#8221; button_text=&#8221;\u00fcber mich&#8221; _builder_version=&#8221;4.23.1&#8243; _dynamic_attributes=&#8221;button_url&#8221; _module_preset=&#8221;default&#8221; hover_enabled=&#8221;0&#8243; global_colors_info=&#8221;{}&#8221;][\/et_pb_button][\/et_pb_column][et_pb_column type=&#8221;1_2&#8243; _builder_version=&#8221;4.16&#8243; _module_preset=&#8221;default&#8221; hover_enabled=&#8221;0&#8243; global_colors_info=&#8221;{}&#8221;][et_pb_blurb title=&#8221;meine Unterst\u00fctzung erhalten&#8221; use_icon=&#8221;on&#8221; font_icon=&#8221;&#xe037;||divi||400&#8243; image_icon_width=&#8221;72px&#8221; icon_alignment=&#8221;left&#8221; content_max_width=&#8221;100%&#8221; _builder_version=&#8221;4.16&#8243; _module_preset=&#8221;default&#8221; header_font=&#8221;Bebas Neue||||||||&#8221; header_font_size=&#8221;30px&#8221; header_line_height=&#8221;1.2em&#8221; body_font_size=&#8221;16px&#8221; body_line_height=&#8221;1.8em&#8221; custom_padding=&#8221;||0px|||&#8221; animation=&#8221;off&#8221; hover_enabled=&#8221;0&#8243; header_font_size_tablet=&#8221;24px&#8221; header_font_size_phone=&#8221;20px&#8221; header_font_size_last_edited=&#8221;on|phone&#8221; body_font_size_tablet=&#8221;&#8221; body_font_size_phone=&#8221;14px&#8221; body_font_size_last_edited=&#8221;on|phone&#8221; icon_font_size=&#8221;72px&#8221; global_colors_info=&#8221;{}&#8221;]<\/p>\n<p>Eine bikefit ist, wenn sie gut gemacht ist, ein echter Wendepunkt.<br \/>Wenn Ihre Ausr\u00fcstung richtig eingestellt ist, werden Sie bequem, schnell und schmerzfrei in die Pedale treten. Millimeter sind wichtig. Abh\u00e4ngig von Ihrem Fahrrad und Ihren Zielen gibt es einige Optionen. Lassen Sie uns sehen, was am besten zu Ihnen passt.<\/p>\n<p>[\/et_pb_blurb][et_pb_button button_url=&#8221;@ET-DC@eyJkeW5hbWljIjp0cnVlLCJjb250ZW50IjoicG9zdF9saW5rX3VybF9wYWdlIiwic2V0dGluZ3MiOnsicG9zdF9pZCI6IjIyMCJ9fQ==@&#8221; button_text=&#8221;services&#8221; _builder_version=&#8221;4.16&#8243; _dynamic_attributes=&#8221;button_url&#8221; _module_preset=&#8221;default&#8221; hover_enabled=&#8221;0&#8243; global_colors_info=&#8221;{}&#8221;][\/et_pb_button][\/et_pb_column][\/et_pb_row][\/et_pb_section][et_pb_section fb_built=&#8221;1&#8243; admin_label=&#8221;Services&#8221; _builder_version=&#8221;4.16&#8243; _module_preset=&#8221;default&#8221; custom_padding=&#8221;||||false|false&#8221; hover_enabled=&#8221;0&#8243; global_colors_info=&#8221;{}&#8221;][et_pb_row column_structure=&#8221;2_5,3_5&#8243; module_id=&#8221;#myservices&#8221; _builder_version=&#8221;4.16&#8243; _module_preset=&#8221;default&#8221; hover_enabled=&#8221;0&#8243; global_colors_info=&#8221;{}&#8221;][et_pb_column type=&#8221;2_5&#8243; _builder_version=&#8221;4.16&#8243; _module_preset=&#8221;default&#8221; hover_enabled=&#8221;0&#8243; global_colors_info=&#8221;{}&#8221;][et_pb_text module_id=&#8221;myservices&#8221; _builder_version=&#8221;4.23.1&#8243; _module_preset=&#8221;default&#8221; header_font_size=&#8221;22px&#8221; header_2_font=&#8221;Bebas Neue||||||||&#8221; header_2_font_size=&#8221;63px&#8221; custom_margin=&#8221;||10px||false|false&#8221; hover_enabled=&#8221;0&#8243; header_2_font_size_tablet=&#8221;42px&#8221; header_2_font_size_phone=&#8221;30px&#8221; header_2_font_size_last_edited=&#8221;on|phone&#8221; header_2_line_height_tablet=&#8221;1.2em&#8221; header_2_line_height_phone=&#8221;1.2em&#8221; header_2_line_height_last_edited=&#8221;on|tablet&#8221; locked=&#8221;off&#8221; global_colors_info=&#8221;{}&#8221;]<\/p>\n<h2>Dienstleistungen<\/h2>\n<p>[\/et_pb_text][\/et_pb_column][et_pb_column type=&#8221;3_5&#8243; _builder_version=&#8221;4.16&#8243; _module_preset=&#8221;default&#8221; hover_enabled=&#8221;0&#8243; global_colors_info=&#8221;{}&#8221;][et_pb_divider color=&#8221;gcid-3dd49ac4-f56a-4e55-9a13-43d37548d2db&#8221; divider_weight=&#8221;70px&#8221; _builder_version=&#8221;4.18.0&#8243; _module_preset=&#8221;default&#8221; background_color=&#8221;gcid-3dd49ac4-f56a-4e55-9a13-43d37548d2db&#8221; height=&#8221;60px&#8221; hover_enabled=&#8221;0&#8243; global_colors_info=&#8221;{%22gcid-3dd49ac4-f56a-4e55-9a13-43d37548d2db%22:%91%22background_color%22,%22color%22%93}&#8221;][\/et_pb_divider][\/et_pb_column][\/et_pb_row][et_pb_row column_structure=&#8221;1_3,1_3,1_3&#8243; _builder_version=&#8221;4.16&#8243; _module_preset=&#8221;default&#8221; hover_enabled=&#8221;0&#8243; global_colors_info=&#8221;{}&#8221;][et_pb_column type=&#8221;1_3&#8243; _builder_version=&#8221;4.16&#8243; _module_preset=&#8221;default&#8221; hover_enabled=&#8221;0&#8243; global_colors_info=&#8221;{}&#8221;][et_pb_blurb title=&#8221;Bikefitting im Haus&#8221; use_icon=&#8221;on&#8221; font_icon=&#8221;&#xf84a;||fa||900&#8243; image_icon_background_color=&#8221;RGBA(255,255,255,0)&#8221; image_icon_width=&#8221;65px&#8221; icon_alignment=&#8221;left&#8221; content_max_width=&#8221;100%&#8221; _builder_version=&#8221;4.22.1&#8243; _module_preset=&#8221;default&#8221; header_font=&#8221;Bebas Neue||||||||&#8221; header_font_size=&#8221;30px&#8221; header_line_height=&#8221;1.2em&#8221; body_font_size=&#8221;16px&#8221; body_line_height=&#8221;1.8em&#8221; animation=&#8221;off&#8221; hover_enabled=&#8221;0&#8243; header_font_size_tablet=&#8221;24px&#8221; header_font_size_phone=&#8221;20px&#8221; header_font_size_last_edited=&#8221;on|phone&#8221; body_font_size_tablet=&#8221;&#8221; body_font_size_phone=&#8221;14px&#8221; body_font_size_last_edited=&#8221;on|phone&#8221; global_colors_info=&#8221;{}&#8221;]<\/p>\n<p>Wenn Sie bereits ein <strong>Fahrrad<\/strong> haben und Ihre Schmerzen und Beschwerden loswerden und Ihre Leistung auf ein h\u00f6heres Niveau bringen wollen, ist dieser Service genau das Richtige f\u00fcr Sie.<br \/>Der Prozess beginnt mit dem Functional Movement Screening. Dieses Verfahren wird seit seiner Einf\u00fchrung beim World Tour <strong>Team HTC &#8211; Highroad<\/strong> im Jahr 2008 und seitdem bei unz\u00e4hligen <strong>World Tour Teams<\/strong> und Athleten eingesetzt und weiterentwickelt.<br \/>Ich untersuche weiterhin, wie Sie sich auf dem Rad bewegen. Ich setze das, was ich sehe, in \u00c4nderungen an Ihrem Rad um und so bewegen wir uns Schritt f\u00fcr Schritt auf das effizienteste und effektivste Setup f\u00fcr Sie zu.<br \/>Dieser Service ist f\u00fcr alle Fahrradtypen verf\u00fcgbar (Stra\u00dfe, Schotter, Triathlon, Zeitfahren, Mountainbike oder E-Bike). Bitte w\u00e4hlen Sie den richtigen Typ aus und buchen Sie eine Sitzung.<\/p>\n<p>[\/et_pb_blurb][\/et_pb_column][et_pb_column type=&#8221;1_3&#8243; _builder_version=&#8221;4.16&#8243; _module_preset=&#8221;default&#8221; hover_enabled=&#8221;0&#8243; global_colors_info=&#8221;{}&#8221;][et_pb_blurb title=&#8221;fit bike fit- wenn Sie vor dem Kauf einer neuen Ausr\u00fcstung stehen&#8221; use_icon=&#8221;on&#8221; font_icon=&#8221;&#xf546;||fa||900&#8243; image_icon_width=&#8221;65px&#8221; icon_alignment=&#8221;left&#8221; content_max_width=&#8221;100%&#8221; _builder_version=&#8221;4.22.1&#8243; _module_preset=&#8221;default&#8221; header_font=&#8221;Bebas Neue||||||||&#8221; header_font_size=&#8221;30px&#8221; header_line_height=&#8221;1.2em&#8221; body_font_size=&#8221;16px&#8221; body_line_height=&#8221;1.8em&#8221; animation=&#8221;off&#8221; hover_enabled=&#8221;0&#8243; header_font_size_tablet=&#8221;24px&#8221; header_font_size_phone=&#8221;20px&#8221; header_font_size_last_edited=&#8221;on|phone&#8221; body_font_size_tablet=&#8221;&#8221; body_font_size_phone=&#8221;14px&#8221; body_font_size_last_edited=&#8221;on|phone&#8221; icon_font_size=&#8221;65px&#8221; locked=&#8221;off&#8221; global_colors_info=&#8221;{}&#8221;]<\/p>\n<p>Die Wahl des richtigen Fahrrads kann sich schwierig gestalten. Es gibt viele Optionen auf dem Markt und es ist sehr einfach, sich bei der Suche nach einem neuen Ger\u00e4t im Internet zu verirren.<\/p>\n<p><strong>Lassen Sie uns erst einmal sehen, was Sie brauchen<\/strong>. Mit dem Fit-Bike kann ich alle Ihre Parameter ermitteln. Dann werfen wir einen Blick in meine Fit-Bike-Datenbank.<\/p>\n<p>Entscheidend ist, dass Sie Ihre pers\u00f6nlichen Bed\u00fcrfnisse und Vorlieben kennen und einschr\u00e4nken. So vermeiden Sie vorprogrammierte Verletzungen, Entt\u00e4uschungen und vor allem Zeitersparnis!<br \/>Dieser Service ist f\u00fcr alle Fahrradtypen verf\u00fcgbar (Rennrad, Triathlon, Zeitfahren, Mountainbike oder E-Bike). Bitte w\u00e4hlen Sie den richtigen Typ aus und buchen Sie eine Sitzung.<\/p>\n<p>&nbsp;<\/p>\n<p>[\/et_pb_blurb][\/et_pb_column][et_pb_column type=&#8221;1_3&#8243; _builder_version=&#8221;4.16&#8243; _module_preset=&#8221;default&#8221; hover_enabled=&#8221;0&#8243; global_colors_info=&#8221;{}&#8221;][et_pb_blurb title=&#8221;virtuelles Fahrradfitting online&#8221; use_icon=&#8221;on&#8221; font_icon=&#8221;&#xf729;||fa||900&#8243; icon_color=&#8221;#E02B20&#8243; image_icon_width=&#8221;63px&#8221; icon_alignment=&#8221;left&#8221; content_max_width=&#8221;100%&#8221; _builder_version=&#8221;4.22.1&#8243; _module_preset=&#8221;default&#8221; header_font=&#8221;Bebas Neue||||||||&#8221; header_font_size=&#8221;30px&#8221; header_line_height=&#8221;1.2em&#8221; body_text_color=&#8221;gcid-da1f3ca1-0cc7-4adf-aff3-3ac9b795c22c&#8221; body_font_size=&#8221;16px&#8221; body_line_height=&#8221;1.8em&#8221; animation=&#8221;off&#8221; hover_enabled=&#8221;0&#8243; header_font_size_tablet=&#8221;24px&#8221; header_font_size_phone=&#8221;20px&#8221; header_font_size_last_edited=&#8221;on|phone&#8221; body_font_size_tablet=&#8221;&#8221; body_font_size_phone=&#8221;14px&#8221; body_font_size_last_edited=&#8221;on|phone&#8221; icon_font_size=&#8221;63px&#8221; locked=&#8221;off&#8221; global_colors_info=&#8221;{%22gcid-da1f3ca1-0cc7-4adf-aff3-3ac9b795c22c%22:%91%22body_text_color%22%93}&#8221;]<\/p>\n<p>Unabh\u00e4ngig von den Umst\u00e4nden entscheiden sich viele von uns daf\u00fcr, einige Zeit in der Halle zu trainieren. Selbst wenn Sie nicht an einem Rennen teilnehmen, hat Ihre Position einen gro\u00dfen Einfluss darauf, wie effizient Sie sich bewegen. Wenn Sie Ihr station\u00e4res Fahrrad anders einstellen, k\u00f6nnen Sie \u00dcberlastungssch\u00e4den vermeiden und Ihren Komfort verbessern.<\/p>\n<p>Die Online-bikefitting umfasst ein Bewegungsscreening und eine visuelle Beurteilung. Wenn Sie irgendwelche Bedenken bez\u00fcglich der Fahrradeinstellung haben, lassen Sie mich wissen, welches Fahrradmodell Sie verwenden, und wir finden einen Weg, damit es funktioniert.<\/p>\n<p>Wenn Sie dies in Erw\u00e4gung ziehen, sollten Sie sich dar\u00fcber im Klaren sein, dass das gr\u00f6\u00dfte Hindernis Ihr mechanisches Geschick ist, um das Fahrrad einzustellen, und manchmal auch das Werkzeug, das Sie ben\u00f6tigen, um die Teile richtig einzustellen.<\/p>\n<p>&nbsp;<\/p>\n<p>[\/et_pb_blurb][\/et_pb_column][\/et_pb_row][et_pb_row column_structure=&#8221;1_3,1_3,1_3&#8243; disabled_on=&#8221;on|on|off&#8221; _builder_version=&#8221;4.22.2&#8243; _module_preset=&#8221;default&#8221; hover_enabled=&#8221;0&#8243; global_colors_info=&#8221;{}&#8221;][et_pb_column type=&#8221;1_3&#8243; _builder_version=&#8221;4.16&#8243; _module_preset=&#8221;default&#8221; hover_enabled=&#8221;0&#8243; global_colors_info=&#8221;{}&#8221;][et_pb_blurb title=&#8221;custom Einlagen&#8221; use_icon=&#8221;on&#8221; font_icon=&#8221;&#xf54b;||fa||900&#8243; image_icon_width=&#8221;68px&#8221; icon_alignment=&#8221;left&#8221; content_max_width=&#8221;100%&#8221; _builder_version=&#8221;4.22.1&#8243; _module_preset=&#8221;default&#8221; header_font=&#8221;Bebas Neue||||||||&#8221; header_font_size=&#8221;30px&#8221; header_line_height=&#8221;1.2em&#8221; body_font_size=&#8221;16px&#8221; body_line_height=&#8221;1.8em&#8221; animation=&#8221;off&#8221; hover_enabled=&#8221;0&#8243; header_font_size_tablet=&#8221;24px&#8221; header_font_size_phone=&#8221;20px&#8221; header_font_size_last_edited=&#8221;on|phone&#8221; body_font_size_tablet=&#8221;&#8221; body_font_size_phone=&#8221;14px&#8221; body_font_size_last_edited=&#8221;on|phone&#8221; icon_font_size=&#8221;68px&#8221; global_colors_info=&#8221;{}&#8221;]<\/p>\n<p>Eine verletzungsfreie, starke Leistung erfordert <strong>Fu\u00dfstabilit\u00e4t<\/strong>. Sie k\u00f6nnen und sollten (!) dies durch \u00dcbungen erreichen, aber in manchen F\u00e4llen ist ein gutes Paar Einlagen unumg\u00e4nglich. Wenn Sie auf langen Strecken laufen oder reiten oder unter strukturellen Ver\u00e4nderungen an Ihren F\u00fc\u00dfen leiden, sollten Sie \u00fcber Einlagen nachdenken. Ich biete Ihnen gerne eine dauerhafte, ma\u00dfgeschneiderte Unterst\u00fctzung f\u00fcr Ihre F\u00fc\u00dfe an.<\/p>\n<p>&nbsp;<\/p>\n<p>[\/et_pb_blurb][et_pb_button button_text=&#8221;Book Insole Appointment&#8221; _builder_version=&#8221;4.19.4&#8243; _module_preset=&#8221;default&#8221; hover_enabled=&#8221;0&#8243; global_colors_info=&#8221;{}&#8221;][\/et_pb_button][\/et_pb_column][et_pb_column type=&#8221;1_3&#8243; _builder_version=&#8221;4.16&#8243; _module_preset=&#8221;default&#8221; hover_enabled=&#8221;0&#8243; global_colors_info=&#8221;{}&#8221;][et_pb_blurb title=&#8221;Verkauf von Custom Bikes&#8221; url=&#8221;@ET-DC@eyJkeW5hbWljIjp0cnVlLCJjb250ZW50IjoicG9zdF9saW5rX3VybF9wYWdlIiwic2V0dGluZ3MiOnsicG9zdF9pZCI6Ijc2NjMifX0=@&#8221; use_icon=&#8221;on&#8221; font_icon=&#8221;&#xf84a;||fa||900&#8243; image_icon_width=&#8221;68px&#8221; icon_alignment=&#8221;left&#8221; content_max_width=&#8221;100%&#8221; _builder_version=&#8221;4.22.1&#8243; _dynamic_attributes=&#8221;url&#8221; _module_preset=&#8221;default&#8221; header_font=&#8221;Bebas Neue||||||||&#8221; header_font_size=&#8221;30px&#8221; header_line_height=&#8221;1.2em&#8221; body_font_size=&#8221;16px&#8221; body_line_height=&#8221;1.8em&#8221; animation=&#8221;off&#8221; hover_enabled=&#8221;0&#8243; header_font_size_tablet=&#8221;24px&#8221; header_font_size_phone=&#8221;20px&#8221; header_font_size_last_edited=&#8221;on|phone&#8221; body_font_size_tablet=&#8221;&#8221; body_font_size_phone=&#8221;14px&#8221; body_font_size_last_edited=&#8221;on|phone&#8221; icon_font_size=&#8221;68px&#8221; locked=&#8221;off&#8221; global_colors_info=&#8221;{}&#8221;]<\/p>\n<p>Wir sind stolz darauf, dass wir einer von zwei deutschen Exklusivh\u00e4ndlern f\u00fcr das von der <strong>F1 entworfene Ku Cycle<\/strong> sind.<\/p>\n<p>Wenn Sie auf der Suche nach Ihrer n\u00e4chsten <strong>Traum-Gravel<\/strong>&#8211; oder <strong>Stra\u00dfen-Traummaschine<\/strong> sind, dann sind Sie bei den Fahrr\u00e4dern der <strong>No. 22 Bicycle<\/strong> Company oder einem Custom Bike von <strong>FiftyOne Bikes<\/strong> genau richtig.<\/p>\n<p>F\u00fcr die heranwachsenden Radfahrer unserer Zukunft verkaufen wir auf Bestellung auch das kindgerechte und freundliche <strong>Frog Bike<\/strong>!<\/p>\n<p>[\/et_pb_blurb][et_pb_button button_url=&#8221;@ET-DC@eyJkeW5hbWljIjp0cnVlLCJjb250ZW50IjoicG9zdF9saW5rX3VybF9wYWdlIiwic2V0dGluZ3MiOnsicG9zdF9pZCI6Ijc2NjMifX0=@&#8221; button_text=&#8221;Custom Bike Information&#8221; _builder_version=&#8221;4.19.4&#8243; _dynamic_attributes=&#8221;button_url&#8221; _module_preset=&#8221;default&#8221; hover_enabled=&#8221;0&#8243; global_colors_info=&#8221;{}&#8221;][\/et_pb_button][\/et_pb_column][et_pb_column type=&#8221;1_3&#8243; _builder_version=&#8221;4.16&#8243; _module_preset=&#8221;default&#8221; hover_enabled=&#8221;0&#8243; global_colors_info=&#8221;{}&#8221;][\/et_pb_column][\/et_pb_row][\/et_pb_section][et_pb_section fb_built=&#8221;1&#8243; disabled_on=&#8221;on|on|off&#8221; _builder_version=&#8221;4.22.2&#8243; _module_preset=&#8221;default&#8221; background_color=&#8221;#FFFFFF&#8221; hover_enabled=&#8221;0&#8243; global_colors_info=&#8221;{}&#8221;][et_pb_row _builder_version=&#8221;4.22.2&#8243; _module_preset=&#8221;default&#8221; background_color=&#8221;#FFFFFF&#8221; hover_enabled=&#8221;0&#8243; border_width_all=&#8221;2px&#8221; border_color_all=&#8221;gcid-3dd49ac4-f56a-4e55-9a13-43d37548d2db&#8221; global_colors_info=&#8221;{%22gcid-3dd49ac4-f56a-4e55-9a13-43d37548d2db%22:%91%22border_color_all%22%93}&#8221; column_structure=&#8221;4_4&#8243;][et_pb_column type=&#8221;4_4&#8243; _builder_version=&#8221;4.16&#8243; _module_preset=&#8221;default&#8221; hover_enabled=&#8221;0&#8243; global_colors_info=&#8221;{}&#8221;][et_pb_testimonial quote_icon_color=&#8221;#000000&#8243; quote_icon_background_color=&#8221;#fafafa&#8221; _builder_version=&#8221;4.22.2&#8243; _module_preset=&#8221;default&#8221; background_color=&#8221;#FFFFFF&#8221; hover_enabled=&#8221;0&#8243; global_colors_info=&#8221;{}&#8221;]<\/p>\n<h3 style=\"text-align: center;\">Customer Reviews about Cyclefit Europe &#8211; Bike Fitting Bensheim<\/h3>\n<p>[\/et_pb_testimonial][et_pb_code _builder_version=&#8221;4.22.2&#8243; _module_preset=&#8221;default&#8221; background_color=&#8221;#FFFFFF&#8221; hover_enabled=&#8221;0&#8243; global_colors_info=&#8221;{}&#8221;]<div class=\"wp-gr rpi wpac\" data-id=\"ChIJ_9Xa1fnXl0cRPVVH09o2mFc\" data-layout=\"list\" data-exec=\"false\" data-options='{&quot;text_size&quot;:&quot;120&quot;,&quot;trans&quot;:{&quot;read more&quot;:&quot;weiterlesen&quot;}}'><svg xmlns=\"http:\/\/www.w3.org\/2000\/svg\" style=\"display:none!important\"><symbol id=\"grw-tripadvisor\" viewBox=\"0 0 713.496 713.496\"><g><circle fill=\"#34E0A1\" cx=\"356.749\" cy=\"356.748\" r=\"356.748\"\/><path d=\"M577.095,287.152l43.049-46.836h-95.465c-47.792-32.646-105.51-51.659-167.931-51.659   c-62.342,0-119.899,19.054-167.612,51.659H93.432l43.049,46.836c-26.387,24.075-42.929,58.754-42.929,97.259   c0,72.665,58.914,131.578,131.579,131.578c34.519,0,65.968-13.313,89.446-35.077l42.172,45.919l42.172-45.879   c23.478,21.764,54.887,35.037,89.406,35.037c72.665,0,131.658-58.913,131.658-131.578   C620.024,345.866,603.483,311.188,577.095,287.152z M225.17,473.458c-49.188,0-89.047-39.859-89.047-89.047   s39.86-89.048,89.047-89.048c49.187,0,89.047,39.86,89.047,89.048S274.357,473.458,225.17,473.458z M356.788,381.82   c0-58.595-42.61-108.898-98.853-130.383c30.413-12.716,63.776-19.771,98.813-19.771s68.439,7.055,98.853,19.771   C399.399,272.962,356.788,323.226,356.788,381.82z M488.367,473.458c-49.188,0-89.048-39.859-89.048-89.047   s39.86-89.048,89.048-89.048s89.047,39.86,89.047,89.048S537.554,473.458,488.367,473.458z M488.367,337.694   c-25.79,0-46.677,20.887-46.677,46.677c0,25.789,20.887,46.676,46.677,46.676c25.789,0,46.676-20.887,46.676-46.676   C535.042,358.621,514.156,337.694,488.367,337.694z M271.846,384.411c0,25.789-20.887,46.676-46.676,46.676   s-46.676-20.887-46.676-46.676c0-25.79,20.887-46.677,46.676-46.677C250.959,337.694,271.846,358.621,271.846,384.411z\"\/><\/g><\/symbol><symbol id=\"grw-google\" viewBox=\"0 0 512 512\"><g fill=\"none\" fill-rule=\"evenodd\"><path d=\"M482.56 261.36c0-16.73-1.5-32.83-4.29-48.27H256v91.29h127.01c-5.47 29.5-22.1 54.49-47.09 71.23v59.21h76.27c44.63-41.09 70.37-101.59 70.37-173.46z\" fill=\"#4285f4\"\/><path d=\"M256 492c63.72 0 117.14-21.13 156.19-57.18l-76.27-59.21c-21.13 14.16-48.17 22.53-79.92 22.53-61.47 0-113.49-41.51-132.05-97.3H45.1v61.15c38.83 77.13 118.64 130.01 210.9 130.01z\" fill=\"#34a853\"\/><path d=\"M123.95 300.84c-4.72-14.16-7.4-29.29-7.4-44.84s2.68-30.68 7.4-44.84V150.01H45.1C29.12 181.87 20 217.92 20 256c0 38.08 9.12 74.13 25.1 105.99l78.85-61.15z\" fill=\"#fbbc05\"\/><path d=\"M256 113.86c34.65 0 65.76 11.91 90.22 35.29l67.69-67.69C373.03 43.39 319.61 20 256 20c-92.25 0-172.07 52.89-210.9 130.01l78.85 61.15c18.56-55.78 70.59-97.3 132.05-97.3z\" fill=\"#ea4335\"\/><path d=\"M20 20h472v472H20V20z\"\/><\/g><\/symbol><\/svg><div class=\"wp-google-list\"><div class=\"grw-header\"><div class=\"grw-header-inner rpi-flx rpi-row12\"><div class=\"grw-img-wrap\"><img decoding=\"async\" class=\"grw-img\" src=\"https:\/\/cdn.bikefiteurope.com\/wp-content\/uploads\/2022\/08\/square.png\" loading=\"lazy\" alt=\"Ortsbild von \u201eCycleFit Europe - BikeFit Bensheim\u201c\" width=\"50\" height=\"50\" onerror=\"if(this.src!='data:image\/gif;base64,R0lGODlhAQABAIAAAAAAAP\/\/\/yH5BAEAAAAALAAAAAABAAEAAAIBRAA7')this.src='data:image\/gif;base64,R0lGODlhAQABAIAAAAAAAP\/\/\/yH5BAEAAAAALAAAAAABAAEAAAIBRAA7';\" ><\/div><div class=\"rpi-flx rpi-col8\"><div class=\"wp-google-name\"><a href=\"https:\/\/maps.google.com\/?cid=6311855191235188029\" target=\"_blank\" rel=\"nofollow noopener\">CycleFit Europe - BikeFit Bensheim<\/a><\/div><span class=\"rpi-stars\" style=\"--rating:4.8\">4.8<\/span><div class=\"wp-google-powered\">powered by <span><span style=\"color:#3c6df0!important\">G<\/span><span style=\"color:#d93025!important\">o<\/span><span style=\"color:#fb8e28!important\">o<\/span><span style=\"color:#3c6df0!important\">g<\/span><span style=\"color:#188038!important\">l<\/span><span style=\"color:#d93025!important\">e<\/span><\/span><\/div><div class=\"wp-google-wr\"><a href=\"https:\/\/search.google.com\/local\/writereview?placeid=ChIJ_9Xa1fnXl0cRPVVH09o2mFc\" target=\"_blank\" rel=\"nofollow noopener\" onclick=\"return rplg_leave_review_window.call(this)\">bewerte uns auf<svg height=\"16\" width=\"16\" role=\"none\"><use href=\"#grw-google\"><\/use><\/svg><\/a><\/div><\/div><\/div><\/div><div class=\"rpi-flx rpi-col16\"><div class=\"wp-google-review\"><div class=\"rpi-flx rpi-row12\"><div class=\"grw-img-wrap\"><img decoding=\"async\" class=\"grw-img\" src=\"https:\/\/lh3.googleusercontent.com\/a\/AEdFTp7-TieiwtuiYEtuEn6TfyaXnJ_9KyCAPxWriyrP=s128-c0x00000000-cc-rp-mo\" loading=\"lazy\" alt=\"Profilbild von \u201eTimo FFM\u201c\" width=\"50\" height=\"50\" onerror=\"if(this.src!='https:\/\/bikefiteurope.com\/wp-content\/plugins\/widget-google-reviews\/assets\/img\/guest.png')this.src='https:\/\/bikefiteurope.com\/wp-content\/plugins\/widget-google-reviews\/assets\/img\/guest.png';\" ><\/div><div class=\"rpi-flx rpi-col4\"><a href=\"https:\/\/www.google.com\/maps\/contrib\/113086472605951216808\/reviews\" class=\"wp-google-name\" target=\"_blank\" rel=\"nofollow noopener\">Timo FFM<\/a><div class=\"wp-google-time\" data-time=\"1666860559\">08:49 27 Oct 22<\/div><div class=\"wp-google-feedback\"><span class=\"rpi-stars\" style=\"--rating:5\"><\/span><span class=\"wp-google-text\">I had a very special bike fitting experience with Lloyd. After an evaluation of my problems (knee, back, numb hands\/toes) and my goals we did a video analysis to adjust all parameters at my bike. But Lloyd also put a strong focus on my specific body characteristics (flexibility, strength etc.) and defined a personal pre-ride routine for me. Due to a length difference in one leg we also fitted my shoes and the pain in my knee is gone since then! \ud83d\ude42 With the additional pressure analysis of my saddle, we identified an issue with my contact to the saddle. It ended up in getting a new saddle and not having any problems with long rides anymore. Overall a perfect fitting experience, especially as I was able to return to do some fine tuning after a few rides. Will be back with my next bike for sure - highly recommended!<\/span><\/div><\/div><\/div><\/div><div class=\"wp-google-review\"><div class=\"rpi-flx rpi-row12\"><div class=\"grw-img-wrap\"><img decoding=\"async\" class=\"grw-img\" src=\"https:\/\/lh3.googleusercontent.com\/a-\/AFdZucqIdHVabCdFM4yR-GXhVGFT_yCaCJS0_HrAbCS7=s128-c0x00000000-cc-rp-mo\" loading=\"lazy\" alt=\"Profilbild von \u201egosy99\u201c\" width=\"50\" height=\"50\" onerror=\"if(this.src!='https:\/\/bikefiteurope.com\/wp-content\/plugins\/widget-google-reviews\/assets\/img\/guest.png')this.src='https:\/\/bikefiteurope.com\/wp-content\/plugins\/widget-google-reviews\/assets\/img\/guest.png';\" ><\/div><div class=\"rpi-flx rpi-col4\"><a href=\"https:\/\/www.google.com\/maps\/contrib\/107727432831161093965\/reviews\" class=\"wp-google-name\" target=\"_blank\" rel=\"nofollow noopener\">gosy99<\/a><div class=\"wp-google-time\" data-time=\"1658259833\">19:43 19 Jul 22<\/div><div class=\"wp-google-feedback\"><span class=\"rpi-stars\" style=\"--rating:5\"><\/span><span class=\"wp-google-text\">Best Bikefitter. Different Bikes over years. Never enjoyed cycling more.<\/span><\/div><\/div><\/div><\/div><div class=\"wp-google-review\"><div class=\"rpi-flx rpi-row12\"><div class=\"grw-img-wrap\"><img decoding=\"async\" class=\"grw-img\" src=\"https:\/\/lh3.googleusercontent.com\/a\/AEdFTp6DOycZGa1c25bF1QdlUAWpWh7af46BOQsfns32=s128-c0x00000000-cc-rp-mo\" loading=\"lazy\" alt=\"Profilbild von \u201eHannah Ludwig\u201c\" width=\"50\" height=\"50\" onerror=\"if(this.src!='https:\/\/bikefiteurope.com\/wp-content\/plugins\/widget-google-reviews\/assets\/img\/guest.png')this.src='https:\/\/bikefiteurope.com\/wp-content\/plugins\/widget-google-reviews\/assets\/img\/guest.png';\" ><\/div><div class=\"rpi-flx rpi-col4\"><a href=\"https:\/\/www.google.com\/maps\/contrib\/111955475959777555888\/reviews\" class=\"wp-google-name\" target=\"_blank\" rel=\"nofollow noopener\">Hannah Ludwig<\/a><div class=\"wp-google-time\" data-time=\"1656609768\">17:22 30 Jun 22<\/div><div class=\"wp-google-feedback\"><span class=\"rpi-stars\" style=\"--rating:5\"><\/span><span class=\"wp-google-text\">Always a lovely place to come to. Lloyd really knows what he is doing. Perfect place to get comfortable and fast on the bike for literally anyone.<\/span><\/div><\/div><\/div><\/div><div class=\"wp-google-review\"><div class=\"rpi-flx rpi-row12\"><div class=\"grw-img-wrap\"><img decoding=\"async\" class=\"grw-img\" src=\"https:\/\/lh3.googleusercontent.com\/a\/AItbvmma0tlUPBuLKuoQpUhN5zEq47yFSalg7LHZEnN7=s128-c0x00000000-cc-rp-mo\" loading=\"lazy\" alt=\"Profilbild von \u201eRaoul Boya\u201c\" width=\"50\" height=\"50\" onerror=\"if(this.src!='https:\/\/bikefiteurope.com\/wp-content\/plugins\/widget-google-reviews\/assets\/img\/guest.png')this.src='https:\/\/bikefiteurope.com\/wp-content\/plugins\/widget-google-reviews\/assets\/img\/guest.png';\" ><\/div><div class=\"rpi-flx rpi-col4\"><a href=\"https:\/\/www.google.com\/maps\/contrib\/105893893537024663002\/reviews\" class=\"wp-google-name\" target=\"_blank\" rel=\"nofollow noopener\">Raoul Boya<\/a><div class=\"wp-google-time\" data-time=\"1633517621\">10:53 06 Oct 21<\/div><div class=\"wp-google-feedback\"><span class=\"rpi-stars\" style=\"--rating:5\"><\/span><span class=\"wp-google-text\">Great service, great guy! Would always recommend his services. Lloyd was a big help in setting up my bike. Very professional and pragmatic.<\/span><\/div><\/div><\/div><\/div><div class=\"wp-google-review\"><div class=\"rpi-flx rpi-row12\"><div class=\"grw-img-wrap\"><img decoding=\"async\" class=\"grw-img\" src=\"https:\/\/lh3.googleusercontent.com\/a\/AItbvmma2QBOOSiWToQHm-rTO4FdHplv0FDM9I_0IiqV=s128-c0x00000000-cc-rp-mo\" loading=\"lazy\" alt=\"Profilbild von \u201eSven B.\u201c\" width=\"50\" height=\"50\" onerror=\"if(this.src!='https:\/\/bikefiteurope.com\/wp-content\/plugins\/widget-google-reviews\/assets\/img\/guest.png')this.src='https:\/\/bikefiteurope.com\/wp-content\/plugins\/widget-google-reviews\/assets\/img\/guest.png';\" ><\/div><div class=\"rpi-flx rpi-col4\"><a href=\"https:\/\/www.google.com\/maps\/contrib\/103326586533609261126\/reviews\" class=\"wp-google-name\" target=\"_blank\" rel=\"nofollow noopener\">Sven B.<\/a><div class=\"wp-google-time\" data-time=\"1627075008\">21:16 23 Jul 21<\/div><div class=\"wp-google-feedback\"><span class=\"rpi-stars\" style=\"--rating:5\"><\/span><span class=\"wp-google-text\">Worldclass! It is great to see that people live and feel the biking spirit. I got an amazing setup that got adjusted by pure knowledge. It feels great and made me faster and more comfortable on the bike.<\/span><\/div><\/div><\/div><\/div><div class=\"wp-google-review wp-google-hide\"><div class=\"rpi-flx rpi-row12\"><div class=\"grw-img-wrap\"><img decoding=\"async\" class=\"grw-img\" src=\"https:\/\/lh3.googleusercontent.com\/a\/AATXAJxSgd_TZvw1EKKB7QJoQTOy0uzbi2GE1hiSx4nd=s128-c0x00000000-cc-rp-mo\" loading=\"lazy\" alt=\"Profilbild von \u201eGravel89 -\u201c\" width=\"50\" height=\"50\" onerror=\"if(this.src!='https:\/\/bikefiteurope.com\/wp-content\/plugins\/widget-google-reviews\/assets\/img\/guest.png')this.src='https:\/\/bikefiteurope.com\/wp-content\/plugins\/widget-google-reviews\/assets\/img\/guest.png';\" ><\/div><div class=\"rpi-flx rpi-col4\"><a href=\"https:\/\/www.google.com\/maps\/contrib\/111187394856797674368\/reviews\" class=\"wp-google-name\" target=\"_blank\" rel=\"nofollow noopener\">Gravel89 -<\/a><div class=\"wp-google-time\" data-time=\"1624829955\">21:39 27 Jun 21<\/div><div class=\"wp-google-feedback\"><span class=\"rpi-stars\" style=\"--rating:1\"><\/span><span class=\"wp-google-text\">I cannot recommend at all this \"professional\" bike fitting: I needed to setup my bike due to a pain in my front knee and my saddle was raised 3 cm. The new bike setting caused me from the first ride a back knee pain which developed later into inflammation.<br \/>I did not get any customer support from Llyod. I tried to contact him several times but he just disappeared...<br \/>I wasted many weeks of biking to recover my knee and a lot of money for a very bad bikefitting service as well.<br \/>No recommendation at all!<br \/><br \/>Update to my previous feedback:<br \/><br \/>1- I booked the appointment (17.03.2021 at 09.00 am - in person) using this email.<br \/><br \/>2 - there is no misunderstanding, your customer service is poor: I tried to contact you several times (via phone and messages) and I did not receive any answer. I reported the problem to you the same day.<br \/><br \/>3-  I never received the measurements of my bike.<br \/><br \/>I am not going to schedule a second appointment.<br \/><br \/>My experience with you has been negative.<br \/><br \/>I will seek out other specialists.<br \/><br \/>Kind Regards.<\/span><\/div><\/div><\/div><\/div><div class=\"wp-google-review wp-google-hide\"><div class=\"rpi-flx rpi-row12\"><div class=\"grw-img-wrap\"><img decoding=\"async\" class=\"grw-img\" src=\"https:\/\/lh3.googleusercontent.com\/a\/AEdFTp4_4eiQjjLLRLKcKCa0xgwSt8VvZd9PYYbkaQRJ=s128-c0x00000000-cc-rp-mo\" loading=\"lazy\" alt=\"Profilbild von \u201eAndre Limmeroth\u201c\" width=\"50\" height=\"50\" onerror=\"if(this.src!='https:\/\/bikefiteurope.com\/wp-content\/plugins\/widget-google-reviews\/assets\/img\/guest.png')this.src='https:\/\/bikefiteurope.com\/wp-content\/plugins\/widget-google-reviews\/assets\/img\/guest.png';\" ><\/div><div class=\"rpi-flx rpi-col4\"><a href=\"https:\/\/www.google.com\/maps\/contrib\/110495519093625553827\/reviews\" class=\"wp-google-name\" target=\"_blank\" rel=\"nofollow noopener\">Andre Limmeroth<\/a><div class=\"wp-google-time\" data-time=\"1623571054\">07:57 13 Jun 21<\/div><div class=\"wp-google-feedback\"><span class=\"rpi-stars\" style=\"--rating:5\"><\/span><span class=\"wp-google-text\">Absolutely mind blown\u2026<br \/><br \/>I would have never expected the positive impact the fit has had on my riding. Not only was Lloyd an absolute pro and awesome human being. The expertise he brings to the table is just tremendous.<br \/><br \/>My power output has increased massively after the fit, but this is actually just secondary to the amazing feeling on the bike. It really feels effortless and comfortable compared to before.<br \/><br \/>Would recommend 10000%!<br \/><br \/>I will definitely return on a regular basis to check for changes and adapt to them.<br \/><br \/>Thanks Lloyd it has been an absolute blast.<\/span><\/div><\/div><\/div><\/div><div class=\"wp-google-review wp-google-hide\"><div class=\"rpi-flx rpi-row12\"><div class=\"grw-img-wrap\"><img decoding=\"async\" class=\"grw-img\" src=\"https:\/\/lh3.googleusercontent.com\/a-\/AOh14GhNSXU36sNnZgoh7dOj_nQSx3cjyD7HKpkuSq_45w=s128-c0x00000000-cc-rp-mo\" loading=\"lazy\" alt=\"Profilbild von \u201ePhilip McPhee\u201c\" width=\"50\" height=\"50\" onerror=\"if(this.src!='https:\/\/bikefiteurope.com\/wp-content\/plugins\/widget-google-reviews\/assets\/img\/guest.png')this.src='https:\/\/bikefiteurope.com\/wp-content\/plugins\/widget-google-reviews\/assets\/img\/guest.png';\" ><\/div><div class=\"rpi-flx rpi-col4\"><a href=\"https:\/\/www.google.com\/maps\/contrib\/106528684279110190207\/reviews\" class=\"wp-google-name\" target=\"_blank\" rel=\"nofollow noopener\">Philip McPhee<\/a><div class=\"wp-google-time\" data-time=\"1623410084\">11:14 11 Jun 21<\/div><div class=\"wp-google-feedback\"><span class=\"rpi-stars\" style=\"--rating:5\"><\/span><span class=\"wp-google-text\">Was my second time at cyclefit and for sure not the last. Lloyd knows what he's talking about and makes you feel very welcome. You always leave with a smile on your face, better informed and with a world-class bike fit as well.<\/span><\/div><\/div><\/div><\/div><div class=\"wp-google-review wp-google-hide\"><div class=\"rpi-flx rpi-row12\"><div class=\"grw-img-wrap\"><img decoding=\"async\" class=\"grw-img\" src=\"https:\/\/lh3.googleusercontent.com\/a-\/AOh14GiNMuzVAfRFJrbsgJqqbt7l7wr7XafImjM6QLbU06I=s128-c0x00000000-cc-rp-mo-ba3\" loading=\"lazy\" alt=\"Profilbild von \u201eJorge Lamantia\u201c\" width=\"50\" height=\"50\" onerror=\"if(this.src!='https:\/\/bikefiteurope.com\/wp-content\/plugins\/widget-google-reviews\/assets\/img\/guest.png')this.src='https:\/\/bikefiteurope.com\/wp-content\/plugins\/widget-google-reviews\/assets\/img\/guest.png';\" ><\/div><div class=\"rpi-flx rpi-col4\"><a href=\"https:\/\/www.google.com\/maps\/contrib\/107984378673440299118\/reviews\" class=\"wp-google-name\" target=\"_blank\" rel=\"nofollow noopener\">Jorge Lamantia<\/a><div class=\"wp-google-time\" data-time=\"1606359882\">03:04 26 Nov 20<\/div><div class=\"wp-google-feedback\"><span class=\"rpi-stars\" style=\"--rating:5\"><\/span><span class=\"wp-google-text\">Incredible virtual bike fit experience! Lloyd took time to understand my specific needs and concerns, and made sure I was content and comfortable with the adjusted fit! He also provided great learning resources to further enhance my training off the bike. Amazing experience, highly recommend!<\/span><\/div><\/div><\/div><\/div><div class=\"wp-google-review wp-google-hide\"><div class=\"rpi-flx rpi-row12\"><div class=\"grw-img-wrap\"><img decoding=\"async\" class=\"grw-img\" src=\"https:\/\/lh3.googleusercontent.com\/a\/AATXAJx0vB5dOjhbRG-b9Frs4M8qfQqaJcs05IQJmAfr=s128-c0x00000000-cc-rp-mo\" loading=\"lazy\" alt=\"Profilbild von \u201eKim Posvic\u201c\" width=\"50\" height=\"50\" onerror=\"if(this.src!='https:\/\/bikefiteurope.com\/wp-content\/plugins\/widget-google-reviews\/assets\/img\/guest.png')this.src='https:\/\/bikefiteurope.com\/wp-content\/plugins\/widget-google-reviews\/assets\/img\/guest.png';\" ><\/div><div class=\"rpi-flx rpi-col4\"><a href=\"https:\/\/www.google.com\/maps\/contrib\/108199658166253341992\/reviews\" class=\"wp-google-name\" target=\"_blank\" rel=\"nofollow noopener\">Kim Posvic<\/a><div class=\"wp-google-time\" data-time=\"1606151554\">17:12 23 Nov 20<\/div><div class=\"wp-google-feedback\"><span class=\"rpi-stars\" style=\"--rating:5\"><\/span><span class=\"wp-google-text\">I had a great experience with my bike fitting. Lloyd Thomas was very thorough and professional. What I really appreciated was he explained the \"why\" as he was going through the settings on the bike. I would highly recommend!<\/span><\/div><\/div><\/div><\/div><div class=\"wp-google-review wp-google-hide\"><div class=\"rpi-flx rpi-row12\"><div class=\"grw-img-wrap\"><img decoding=\"async\" class=\"grw-img\" src=\"https:\/\/lh3.googleusercontent.com\/a-\/AD5-WCkrUY7MWv5i4Z0PaMXfeuxsuzLDvKjYEww7ciT8=s128-c0x00000000-cc-rp-mo\" loading=\"lazy\" alt=\"Profilbild von \u201eDarlene Sargent-Murphy\u201c\" width=\"50\" height=\"50\" onerror=\"if(this.src!='https:\/\/bikefiteurope.com\/wp-content\/plugins\/widget-google-reviews\/assets\/img\/guest.png')this.src='https:\/\/bikefiteurope.com\/wp-content\/plugins\/widget-google-reviews\/assets\/img\/guest.png';\" ><\/div><div class=\"rpi-flx rpi-col4\"><a href=\"https:\/\/www.google.com\/maps\/contrib\/102686438630164990402\/reviews\" class=\"wp-google-name\" target=\"_blank\" rel=\"nofollow noopener\">Darlene Sargent-Murphy<\/a><div class=\"wp-google-time\" data-time=\"1605565774\">22:29 16 Nov 20<\/div><div class=\"wp-google-feedback\"><span class=\"rpi-stars\" style=\"--rating:5\"><\/span><span class=\"wp-google-text\">Lloyd was very knowledgeable. My fitting was done over zoom, Lloyd in Germany, I am in the US.  He was able to see which muscles are a bit weaker than others and had me reposition by cleats to help.  He also had me adjust my bike seat and handlebar position.  I can really feel the difference in my pedal stroke and it is so much smoother when I am out of saddle.  I would strongly recommend a bike fit with Lloyd.<\/span><\/div><\/div><\/div><\/div><div class=\"wp-google-review wp-google-hide\"><div class=\"rpi-flx rpi-row12\"><div class=\"grw-img-wrap\"><img decoding=\"async\" class=\"grw-img\" src=\"https:\/\/lh3.googleusercontent.com\/a\/AATXAJzx_B1Wo97tSG-rVjRoYyYJERlwhP8wbO2s_DO5=s128-c0x00000000-cc-rp-mo\" loading=\"lazy\" alt=\"Profilbild von \u201eStuart Bayne\u201c\" width=\"50\" height=\"50\" onerror=\"if(this.src!='https:\/\/bikefiteurope.com\/wp-content\/plugins\/widget-google-reviews\/assets\/img\/guest.png')this.src='https:\/\/bikefiteurope.com\/wp-content\/plugins\/widget-google-reviews\/assets\/img\/guest.png';\" ><\/div><div class=\"rpi-flx rpi-col4\"><a href=\"https:\/\/www.google.com\/maps\/contrib\/118223746424544720448\/reviews\" class=\"wp-google-name\" target=\"_blank\" rel=\"nofollow noopener\">Stuart Bayne<\/a><div class=\"wp-google-time\" data-time=\"1605169553\">08:25 12 Nov 20<\/div><div class=\"wp-google-feedback\"><span class=\"rpi-stars\" style=\"--rating:5\"><\/span><span class=\"wp-google-text\">I had a virtual bike fit with LLoyd the other week and was very impressed by his expertise and easy going manner. My cadence and power have been improved but more important the feel of the bike stoke. I would recommend Lloyd without question.<\/span><\/div><\/div><\/div><\/div><div class=\"wp-google-review wp-google-hide\"><div class=\"rpi-flx rpi-row12\"><div class=\"grw-img-wrap\"><img decoding=\"async\" class=\"grw-img\" src=\"https:\/\/lh3.googleusercontent.com\/a\/AEdFTp6rOUy-4C6psFB-bZEcsdKurhoFyN7Rf665s06R=s128-c0x00000000-cc-rp-mo\" loading=\"lazy\" alt=\"Profilbild von \u201eNancy Lord\u201c\" width=\"50\" height=\"50\" onerror=\"if(this.src!='https:\/\/bikefiteurope.com\/wp-content\/plugins\/widget-google-reviews\/assets\/img\/guest.png')this.src='https:\/\/bikefiteurope.com\/wp-content\/plugins\/widget-google-reviews\/assets\/img\/guest.png';\" ><\/div><div class=\"rpi-flx rpi-col4\"><a href=\"https:\/\/www.google.com\/maps\/contrib\/111565504157853359696\/reviews\" class=\"wp-google-name\" target=\"_blank\" rel=\"nofollow noopener\">Nancy Lord<\/a><div class=\"wp-google-time\" data-time=\"1604970530\">01:08 10 Nov 20<\/div><div class=\"wp-google-feedback\"><span class=\"rpi-stars\" style=\"--rating:5\"><\/span><span class=\"wp-google-text\">I purchased a Peloton bike back in August and I wish I would have contacted Lloyd that day for a fitting.  Lloyd took the time to not only fit my bike and help me correctly position my cleats but he also shared useful information to make my rides even more efficient and enjoyable.  My new settings are perfect and can't believe how much more enjoyable my rides are now.  Lloyd is happy to share his wealth of cycling experience and  knowledge and answer any question you might have.  Highly recommended for fitting your indoor or outdoor bike.  Best money I've spent since purchasing my Peloton.<\/span><\/div><\/div><\/div><\/div><div class=\"wp-google-review wp-google-hide\"><div class=\"rpi-flx rpi-row12\"><div class=\"grw-img-wrap\"><img decoding=\"async\" class=\"grw-img\" src=\"https:\/\/lh3.googleusercontent.com\/a-\/AD5-WCmTeaEiAyqvqUa0SjsTqMzQXFyWy27rCHDscVmkPQ=s128-c0x00000000-cc-rp-mo-ba2\" loading=\"lazy\" alt=\"Profilbild von \u201eJudy Deemer\u201c\" width=\"50\" height=\"50\" onerror=\"if(this.src!='https:\/\/bikefiteurope.com\/wp-content\/plugins\/widget-google-reviews\/assets\/img\/guest.png')this.src='https:\/\/bikefiteurope.com\/wp-content\/plugins\/widget-google-reviews\/assets\/img\/guest.png';\" ><\/div><div class=\"rpi-flx rpi-col4\"><a href=\"https:\/\/www.google.com\/maps\/contrib\/115227586903150785114\/reviews\" class=\"wp-google-name\" target=\"_blank\" rel=\"nofollow noopener\">Judy Deemer<\/a><div class=\"wp-google-time\" data-time=\"1604793734\">00:02 08 Nov 20<\/div><div class=\"wp-google-feedback\"><span class=\"rpi-stars\" style=\"--rating:5\"><\/span><span class=\"wp-google-text\">I had a virtual bike fitting with Lloyd for the Peloton bike.  He was easy to work with and knowledgeable.  From start to finish, you can tell he has worked with professional cyclists.<br \/>I had been having hip flexor pain for months. After preliminary adjustments, I was able to ride during the fitting without pain!  He continued to work with me and adjusted nearly all my settings so that I can work efficiently.  After our session, he sent me additional information including equipment and exercises.  I highly recommend!<\/span><\/div><\/div><\/div><\/div><div class=\"wp-google-review wp-google-hide\"><div class=\"rpi-flx rpi-row12\"><div class=\"grw-img-wrap\"><img decoding=\"async\" class=\"grw-img\" src=\"https:\/\/lh3.googleusercontent.com\/a\/ALm5wu3xEwAVpsk54KENw7FuP7-TK77sgJPGrlyIQvFI=s128-c0x00000000-cc-rp-mo\" loading=\"lazy\" alt=\"Profilbild von \u201eShelley Felton\u201c\" width=\"50\" height=\"50\" onerror=\"if(this.src!='https:\/\/bikefiteurope.com\/wp-content\/plugins\/widget-google-reviews\/assets\/img\/guest.png')this.src='https:\/\/bikefiteurope.com\/wp-content\/plugins\/widget-google-reviews\/assets\/img\/guest.png';\" ><\/div><div class=\"rpi-flx rpi-col4\"><a href=\"https:\/\/www.google.com\/maps\/contrib\/100570007146559074137\/reviews\" class=\"wp-google-name\" target=\"_blank\" rel=\"nofollow noopener\">Shelley Felton<\/a><div class=\"wp-google-time\" data-time=\"1603817762\">16:56 27 Oct 20<\/div><div class=\"wp-google-feedback\"><span class=\"rpi-stars\" style=\"--rating:5\"><\/span><span class=\"wp-google-text\">I was so pleased with how thorough this service  provided. It was so much more than sitting on the bike and adjusting. I was skeptical about a virtual fit but it was very well done and effective. I recommend this to any type of rider and definitely as soon as you begin riding. Just one ride after the adjustment and my hip and knee feel so much better. Lloyd\u2019s knowledge is very apparent in the first 5 minutes. Very worth the cost.<\/span><\/div><\/div><\/div><\/div><\/div><a class=\"wp-google-url\" href=\"#\" onclick=\"return rplg_next_reviews.call(this, 'wp-google', 5);\">Mehr Bewertungen<\/a><\/div><\/div>[\/et_pb_code][\/et_pb_column][\/et_pb_row][\/et_pb_section]<\/p>\n","protected":false},"excerpt":{"rendered":"<p>Bike Fitting in Bensheim \u2013 Auf der Suche nach einem neuen Fahrrad? Problem mit der Passform des Fahrrads? Lassen Sie sich von meinem Fachwissen bei Ihren Radsportbed\u00fcrfnissen unterst\u00fctzen! Ihr bestes Fahrrad-Fitting erhalten Sie mit Lloyd Thomas von CycleFit Europe<\/p>","protected":false},"author":1,"featured_media":6417,"parent":0,"menu_order":0,"comment_status":"closed","ping_status":"closed","template":"","meta":{"_et_pb_use_builder":"on","_et_pb_old_content":"","_et_gb_content_width":"","footnotes":""},"class_list":["post-10382","page","type-page","status-publish","has-post-thumbnail","hentry"],"_links":{"self":[{"href":"https:\/\/bikefiteurope.com\/de\/wp-json\/wp\/v2\/pages\/10382","targetHints":{"allow":["GET"]}}],"collection":[{"href":"https:\/\/bikefiteurope.com\/de\/wp-json\/wp\/v2\/pages"}],"about":[{"href":"https:\/\/bikefiteurope.com\/de\/wp-json\/wp\/v2\/types\/page"}],"author":[{"embeddable":true,"href":"https:\/\/bikefiteurope.com\/de\/wp-json\/wp\/v2\/users\/1"}],"replies":[{"embeddable":true,"href":"https:\/\/bikefiteurope.com\/de\/wp-json\/wp\/v2\/comments?post=10382"}],"version-history":[{"count":13,"href":"https:\/\/bikefiteurope.com\/de\/wp-json\/wp\/v2\/pages\/10382\/revisions"}],"predecessor-version":[{"id":10894,"href":"https:\/\/bikefiteurope.com\/de\/wp-json\/wp\/v2\/pages\/10382\/revisions\/10894"}],"wp:featuredmedia":[{"embeddable":true,"href":"https:\/\/bikefiteurope.com\/de\/wp-json\/wp\/v2\/media\/6417"}],"wp:attachment":[{"href":"https:\/\/bikefiteurope.com\/de\/wp-json\/wp\/v2\/media?parent=10382"}],"curies":[{"name":"wp","href":"https:\/\/api.w.org\/{rel}","templated":true}]}}